{"id":246,"date":"2021-03-08T20:12:59","date_gmt":"2021-03-09T00:12:59","guid":{"rendered":"https:\/\/www.opticayequipos.com\/?page_id=246"},"modified":"2025-11-26T09:20:49","modified_gmt":"2025-11-26T13:20:49","slug":"inicio","status":"publish","type":"page","link":"https:\/\/www.opticayequipos.com\/","title":{"rendered":"Inicio"},"content":{"rendered":"\t\t<div data-elementor-type=\"wp-page\" data-elementor-id=\"246\" class=\"elementor elementor-246\">\n\t\t\t\t\t\t<section class=\"elementor-section elementor-top-section elementor-element elementor-element-b377802 elementor-section-full_width elementor-section-stretched elementor-section-height-default elementor-section-height-default\" data-id=\"b377802\" data-element_type=\"section\" data-settings=\"{&quot;stretch_section&quot;:&quot;section-stretched&quot;}\">\n\t\t\t\t\t\t<div class=\"elementor-container elementor-column-gap-default\">\n\t\t\t\t\t<div class=\"elementor-column elementor-col-100 elementor-top-column elementor-element elementor-element-f489a49\" data-id=\"f489a49\" data-element_type=\"column\">\n\t\t\t<div class=\"elementor-widget-wrap elementor-element-populated\">\n\t\t\t\t\t\t<div class=\"elementor-element elementor-element-591dea2 elementor-widget elementor-widget-video\" data-id=\"591dea2\" data-element_type=\"widget\" data-settings=\"{&quot;youtube_url&quot;:&quot;https:\\\/\\\/youtu.be\\\/bSV1QJyHK8M&quot;,&quot;video_type&quot;:&quot;youtube&quot;,&quot;controls&quot;:&quot;yes&quot;}\" data-widget_type=\"video.default\">\n\t\t\t\t<div class=\"elementor-widget-container\">\n\t\t\t\t\t\t\t<div class=\"elementor-wrapper elementor-open-inline\">\n\t\t\t<div class=\"elementor-video\"><\/div>\t\t<\/div>\n\t\t\t\t\t\t<\/div>\n\t\t\t\t<\/div>\n\t\t\t\t\t<\/div>\n\t\t<\/div>\n\t\t\t\t\t<\/div>\n\t\t<\/section>\n\t\t\t\t<section class=\"elementor-section elementor-top-section elementor-element elementor-element-4be0438 elementor-section-boxed elementor-section-height-default elementor-section-height-default\" data-id=\"4be0438\" data-element_type=\"section\">\n\t\t\t\t\t\t<div class=\"elementor-container elementor-column-gap-default\">\n\t\t\t\t\t<div class=\"elementor-column elementor-col-100 elementor-top-column elementor-element elementor-element-944109b\" data-id=\"944109b\" data-element_type=\"column\">\n\t\t\t<div class=\"elementor-widget-wrap elementor-element-populated\">\n\t\t\t\t\t\t<div class=\"elementor-element elementor-element-3eb8dfc elementor-widget elementor-widget-spacer\" data-id=\"3eb8dfc\" data-element_type=\"widget\" data-widget_type=\"spacer.default\">\n\t\t\t\t<div class=\"elementor-widget-container\">\n\t\t\t\t\t\t\t<div class=\"elementor-spacer\">\n\t\t\t<div class=\"elementor-spacer-inner\"><\/div>\n\t\t<\/div>\n\t\t\t\t\t\t<\/div>\n\t\t\t\t<\/div>\n\t\t\t\t\t<\/div>\n\t\t<\/div>\n\t\t\t\t\t<\/div>\n\t\t<\/section>\n\t\t\t\t<section class=\"elementor-section elementor-top-section elementor-element elementor-element-b4df4f0 elementor-section-stretched elementor-section-boxed elementor-section-height-default elementor-section-height-default\" data-id=\"b4df4f0\" data-element_type=\"section\" data-settings=\"{&quot;stretch_section&quot;:&quot;section-stretched&quot;}\">\n\t\t\t\t\t\t<div class=\"elementor-container elementor-column-gap-default\">\n\t\t\t\t\t<div class=\"elementor-column elementor-col-33 elementor-top-column elementor-element elementor-element-2de58b0\" data-id=\"2de58b0\" data-element_type=\"column\">\n\t\t\t<div class=\"elementor-widget-wrap elementor-element-populated\">\n\t\t\t\t\t\t<div class=\"elementor-element elementor-element-4410111 elementor-invisible elementor-widget elementor-widget-image\" data-id=\"4410111\" data-element_type=\"widget\" data-settings=\"{&quot;_animation&quot;:&quot;fadeIn&quot;}\" data-widget_type=\"image.default\">\n\t\t\t\t<div class=\"elementor-widget-container\">\n\t\t\t\t\t\t\t\t\t\t\t\t\t\t\t<img fetchpriority=\"high\" decoding=\"async\" width=\"1080\" height=\"1110\" src=\"https:\/\/www.opticayequipos.com\/wp-content\/uploads\/2025\/11\/ALMACEN-e1764015868330.jpg\" class=\"attachment-full size-full wp-image-928\" alt=\"\" srcset=\"https:\/\/www.opticayequipos.com\/wp-content\/uploads\/2025\/11\/ALMACEN-e1764015868330.jpg 1080w, https:\/\/www.opticayequipos.com\/wp-content\/uploads\/2025\/11\/ALMACEN-e1764015868330-292x300.jpg 292w, https:\/\/www.opticayequipos.com\/wp-content\/uploads\/2025\/11\/ALMACEN-e1764015868330-996x1024.jpg 996w, https:\/\/www.opticayequipos.com\/wp-content\/uploads\/2025\/11\/ALMACEN-e1764015868330-768x789.jpg 768w, https:\/\/www.opticayequipos.com\/wp-content\/uploads\/2025\/11\/ALMACEN-e1764015868330-600x617.jpg 600w\" sizes=\"(max-width: 1080px) 100vw, 1080px\" \/>\t\t\t\t\t\t\t\t\t\t\t\t\t\t\t<\/div>\n\t\t\t\t<\/div>\n\t\t\t\t\t<\/div>\n\t\t<\/div>\n\t\t\t\t<div class=\"elementor-column elementor-col-66 elementor-top-column elementor-element elementor-element-59b14f5\" data-id=\"59b14f5\" data-element_type=\"column\">\n\t\t\t<div class=\"elementor-widget-wrap elementor-element-populated\">\n\t\t\t\t\t\t<div class=\"elementor-element elementor-element-62d49ad elementor-invisible elementor-widget elementor-widget-text-editor\" data-id=\"62d49ad\" data-element_type=\"widget\" data-settings=\"{&quot;_animation&quot;:&quot;shake&quot;}\" data-widget_type=\"text-editor.default\">\n\t\t\t\t<div class=\"elementor-widget-container\">\n\t\t\t\t\t\t\t\t\t<p><strong>\u00a1EXPERIENCIA Y CALIDAD OPTICA EN UN SOLO LUGAR!<\/strong><\/p><p>Con m\u00e1s de 15 a\u00f1os de experiencia, somos especialistas en venta de cristales oft\u00e1lmicos y equipos oft\u00e1lmicos de \u00faltima generaci\u00f3n, incluyendo servicio t\u00e9cnico de reparaci\u00f3n y mantenimiento.<\/p><p>Nos destacamos como expertos en talla digital, ofreciendo un servicio de corte y monte de precisi\u00f3n que garantiza resultados \u00f3ptimos en cada trabajo.<\/p><p>Nuestra misi\u00f3n es brindar soluciones integrales para profesionales de la salud visual, combinando tecnolog\u00eda avanzada, productos de calidad y un servicio personalizado respaldado por nuestra amplia trayectoria en el sector \u00f3ptico.<\/p>\t\t\t\t\t\t\t\t<\/div>\n\t\t\t\t<\/div>\n\t\t\t\t\t<\/div>\n\t\t<\/div>\n\t\t\t\t\t<\/div>\n\t\t<\/section>\n\t\t\t\t<section class=\"elementor-section elementor-top-section elementor-element elementor-element-d306f21 elementor-section-boxed elementor-section-height-default elementor-section-height-default\" data-id=\"d306f21\" data-element_type=\"section\">\n\t\t\t\t\t\t<div class=\"elementor-container elementor-column-gap-default\">\n\t\t\t\t\t<div class=\"elementor-column elementor-col-100 elementor-top-column elementor-element elementor-element-58beea1\" data-id=\"58beea1\" data-element_type=\"column\">\n\t\t\t<div class=\"elementor-widget-wrap elementor-element-populated\">\n\t\t\t\t\t\t<div class=\"elementor-element elementor-element-6299cbb elementor-widget elementor-widget-spacer\" data-id=\"6299cbb\" data-element_type=\"widget\" data-widget_type=\"spacer.default\">\n\t\t\t\t<div class=\"elementor-widget-container\">\n\t\t\t\t\t\t\t<div class=\"elementor-spacer\">\n\t\t\t<div class=\"elementor-spacer-inner\"><\/div>\n\t\t<\/div>\n\t\t\t\t\t\t<\/div>\n\t\t\t\t<\/div>\n\t\t\t\t\t<\/div>\n\t\t<\/div>\n\t\t\t\t\t<\/div>\n\t\t<\/section>\n\t\t\t\t<section class=\"elementor-section elementor-top-section elementor-element elementor-element-cbf0ae8 elementor-section-boxed elementor-section-height-default elementor-section-height-default\" data-id=\"cbf0ae8\" data-element_type=\"section\">\n\t\t\t\t\t\t<div class=\"elementor-container elementor-column-gap-default\">\n\t\t\t\t\t<div class=\"elementor-column elementor-col-25 elementor-top-column elementor-element elementor-element-9a3f447\" data-id=\"9a3f447\" data-element_type=\"column\">\n\t\t\t<div class=\"elementor-widget-wrap elementor-element-populated\">\n\t\t\t\t\t\t<div class=\"elementor-element elementor-element-ce590db elementor-invisible elementor-widget elementor-widget-image\" data-id=\"ce590db\" data-element_type=\"widget\" data-settings=\"{&quot;_animation&quot;:&quot;fadeIn&quot;}\" data-widget_type=\"image.default\">\n\t\t\t\t<div class=\"elementor-widget-container\">\n\t\t\t\t\t\t\t\t\t\t\t\t\t\t\t<img decoding=\"async\" width=\"640\" height=\"634\" src=\"https:\/\/www.opticayequipos.com\/wp-content\/uploads\/2025\/11\/servicios-1-e1764098501375-1024x1015.png\" class=\"attachment-large size-large wp-image-935\" alt=\"\" srcset=\"https:\/\/www.opticayequipos.com\/wp-content\/uploads\/2025\/11\/servicios-1-e1764098501375-1024x1015.png 1024w, https:\/\/www.opticayequipos.com\/wp-content\/uploads\/2025\/11\/servicios-1-e1764098501375-300x297.png 300w, https:\/\/www.opticayequipos.com\/wp-content\/uploads\/2025\/11\/servicios-1-e1764098501375-150x150.png 150w, https:\/\/www.opticayequipos.com\/wp-content\/uploads\/2025\/11\/servicios-1-e1764098501375-768x761.png 768w, https:\/\/www.opticayequipos.com\/wp-content\/uploads\/2025\/11\/servicios-1-e1764098501375-600x594.png 600w, https:\/\/www.opticayequipos.com\/wp-content\/uploads\/2025\/11\/servicios-1-e1764098501375-100x100.png 100w, https:\/\/www.opticayequipos.com\/wp-content\/uploads\/2025\/11\/servicios-1-e1764098501375.png 1514w\" sizes=\"(max-width: 640px) 100vw, 640px\" \/>\t\t\t\t\t\t\t\t\t\t\t\t\t\t\t<\/div>\n\t\t\t\t<\/div>\n\t\t\t\t\t<\/div>\n\t\t<\/div>\n\t\t\t\t<div class=\"elementor-column elementor-col-25 elementor-top-column elementor-element elementor-element-18a3ac8\" data-id=\"18a3ac8\" data-element_type=\"column\">\n\t\t\t<div class=\"elementor-widget-wrap elementor-element-populated\">\n\t\t\t\t\t\t<div class=\"elementor-element elementor-element-63a0cf0 elementor-invisible elementor-widget elementor-widget-image\" data-id=\"63a0cf0\" data-element_type=\"widget\" data-settings=\"{&quot;_animation&quot;:&quot;fadeIn&quot;}\" data-widget_type=\"image.default\">\n\t\t\t\t<div class=\"elementor-widget-container\">\n\t\t\t\t\t\t\t\t\t\t\t\t\t\t\t<img decoding=\"async\" width=\"640\" height=\"635\" src=\"https:\/\/www.opticayequipos.com\/wp-content\/uploads\/2025\/11\/talla-digital-e1764098377175-1024x1016.png\" class=\"attachment-large size-large wp-image-933\" alt=\"\" srcset=\"https:\/\/www.opticayequipos.com\/wp-content\/uploads\/2025\/11\/talla-digital-e1764098377175-1024x1016.png 1024w, https:\/\/www.opticayequipos.com\/wp-content\/uploads\/2025\/11\/talla-digital-e1764098377175-300x298.png 300w, https:\/\/www.opticayequipos.com\/wp-content\/uploads\/2025\/11\/talla-digital-e1764098377175-150x150.png 150w, https:\/\/www.opticayequipos.com\/wp-content\/uploads\/2025\/11\/talla-digital-e1764098377175-768x762.png 768w, https:\/\/www.opticayequipos.com\/wp-content\/uploads\/2025\/11\/talla-digital-e1764098377175-600x595.png 600w, https:\/\/www.opticayequipos.com\/wp-content\/uploads\/2025\/11\/talla-digital-e1764098377175-100x100.png 100w, https:\/\/www.opticayequipos.com\/wp-content\/uploads\/2025\/11\/talla-digital-e1764098377175.png 1512w\" sizes=\"(max-width: 640px) 100vw, 640px\" \/>\t\t\t\t\t\t\t\t\t\t\t\t\t\t\t<\/div>\n\t\t\t\t<\/div>\n\t\t\t\t\t<\/div>\n\t\t<\/div>\n\t\t\t\t<div class=\"elementor-column elementor-col-25 elementor-top-column elementor-element elementor-element-81658dc\" data-id=\"81658dc\" data-element_type=\"column\">\n\t\t\t<div class=\"elementor-widget-wrap elementor-element-populated\">\n\t\t\t\t\t\t<div class=\"elementor-element elementor-element-306e8fa elementor-invisible elementor-widget elementor-widget-image\" data-id=\"306e8fa\" data-element_type=\"widget\" data-settings=\"{&quot;_animation&quot;:&quot;fadeIn&quot;}\" data-widget_type=\"image.default\">\n\t\t\t\t<div class=\"elementor-widget-container\">\n\t\t\t\t\t\t\t\t\t\t\t\t\t\t\t<img loading=\"lazy\" decoding=\"async\" width=\"640\" height=\"634\" src=\"https:\/\/www.opticayequipos.com\/wp-content\/uploads\/2025\/11\/cristales-terminados-scaled-e1764098438705-1024x1014.png\" class=\"attachment-large size-large wp-image-934\" alt=\"\" srcset=\"https:\/\/www.opticayequipos.com\/wp-content\/uploads\/2025\/11\/cristales-terminados-scaled-e1764098438705-1024x1014.png 1024w, https:\/\/www.opticayequipos.com\/wp-content\/uploads\/2025\/11\/cristales-terminados-scaled-e1764098438705-300x297.png 300w, https:\/\/www.opticayequipos.com\/wp-content\/uploads\/2025\/11\/cristales-terminados-scaled-e1764098438705-150x150.png 150w, https:\/\/www.opticayequipos.com\/wp-content\/uploads\/2025\/11\/cristales-terminados-scaled-e1764098438705-768x761.png 768w, https:\/\/www.opticayequipos.com\/wp-content\/uploads\/2025\/11\/cristales-terminados-scaled-e1764098438705-600x594.png 600w, https:\/\/www.opticayequipos.com\/wp-content\/uploads\/2025\/11\/cristales-terminados-scaled-e1764098438705-100x100.png 100w, https:\/\/www.opticayequipos.com\/wp-content\/uploads\/2025\/11\/cristales-terminados-scaled-e1764098438705.png 1242w\" sizes=\"(max-width: 640px) 100vw, 640px\" \/>\t\t\t\t\t\t\t\t\t\t\t\t\t\t\t<\/div>\n\t\t\t\t<\/div>\n\t\t\t\t\t<\/div>\n\t\t<\/div>\n\t\t\t\t<div class=\"elementor-column elementor-col-25 elementor-top-column elementor-element elementor-element-b606641\" data-id=\"b606641\" data-element_type=\"column\">\n\t\t\t<div class=\"elementor-widget-wrap elementor-element-populated\">\n\t\t\t\t\t\t<div class=\"elementor-element elementor-element-3d1d443 elementor-invisible elementor-widget elementor-widget-image\" data-id=\"3d1d443\" data-element_type=\"widget\" data-settings=\"{&quot;_animation&quot;:&quot;fadeIn&quot;}\" data-widget_type=\"image.default\">\n\t\t\t\t<div class=\"elementor-widget-container\">\n\t\t\t\t\t\t\t\t\t\t\t\t\t\t\t<img loading=\"lazy\" decoding=\"async\" width=\"640\" height=\"640\" src=\"https:\/\/www.opticayequipos.com\/wp-content\/uploads\/2025\/11\/novedades-scaled-e1764102074336-1024x1024.png\" class=\"attachment-large size-large wp-image-936\" alt=\"\" srcset=\"https:\/\/www.opticayequipos.com\/wp-content\/uploads\/2025\/11\/novedades-scaled-e1764102074336-1024x1024.png 1024w, https:\/\/www.opticayequipos.com\/wp-content\/uploads\/2025\/11\/novedades-scaled-e1764102074336-300x300.png 300w, https:\/\/www.opticayequipos.com\/wp-content\/uploads\/2025\/11\/novedades-scaled-e1764102074336-150x150.png 150w, https:\/\/www.opticayequipos.com\/wp-content\/uploads\/2025\/11\/novedades-scaled-e1764102074336-768x768.png 768w, https:\/\/www.opticayequipos.com\/wp-content\/uploads\/2025\/11\/novedades-scaled-e1764102074336-600x600.png 600w, https:\/\/www.opticayequipos.com\/wp-content\/uploads\/2025\/11\/novedades-scaled-e1764102074336-100x100.png 100w, https:\/\/www.opticayequipos.com\/wp-content\/uploads\/2025\/11\/novedades-scaled-e1764102074336.png 1122w\" sizes=\"(max-width: 640px) 100vw, 640px\" \/>\t\t\t\t\t\t\t\t\t\t\t\t\t\t\t<\/div>\n\t\t\t\t<\/div>\n\t\t\t\t\t<\/div>\n\t\t<\/div>\n\t\t\t\t\t<\/div>\n\t\t<\/section>\n\t\t\t\t<section class=\"elementor-section elementor-top-section elementor-element elementor-element-a0907fd elementor-section-boxed elementor-section-height-default elementor-section-height-default\" data-id=\"a0907fd\" data-element_type=\"section\">\n\t\t\t\t\t\t<div class=\"elementor-container elementor-column-gap-default\">\n\t\t\t\t\t<div class=\"elementor-column elementor-col-100 elementor-top-column elementor-element elementor-element-a29798a\" data-id=\"a29798a\" data-element_type=\"column\">\n\t\t\t<div class=\"elementor-widget-wrap elementor-element-populated\">\n\t\t\t\t\t\t<div class=\"elementor-element elementor-element-3fdf072 elementor-widget elementor-widget-spacer\" data-id=\"3fdf072\" data-element_type=\"widget\" data-widget_type=\"spacer.default\">\n\t\t\t\t<div class=\"elementor-widget-container\">\n\t\t\t\t\t\t\t<div class=\"elementor-spacer\">\n\t\t\t<div class=\"elementor-spacer-inner\"><\/div>\n\t\t<\/div>\n\t\t\t\t\t\t<\/div>\n\t\t\t\t<\/div>\n\t\t\t\t\t<\/div>\n\t\t<\/div>\n\t\t\t\t\t<\/div>\n\t\t<\/section>\n\t\t\t\t<section class=\"elementor-section elementor-top-section elementor-element elementor-element-01e5370 elementor-section-stretched elementor-section-boxed elementor-section-height-default elementor-section-height-default elementor-invisible\" data-id=\"01e5370\" data-element_type=\"section\" data-settings=\"{&quot;stretch_section&quot;:&quot;section-stretched&quot;,&quot;animation&quot;:&quot;bounceIn&quot;}\">\n\t\t\t\t\t\t\t<div class=\"elementor-background-overlay\"><\/div>\n\t\t\t\t\t\t\t<div class=\"elementor-container elementor-column-gap-default\">\n\t\t\t\t\t<div class=\"elementor-column elementor-col-100 elementor-top-column elementor-element elementor-element-bb2d5b7\" data-id=\"bb2d5b7\" data-element_type=\"column\">\n\t\t\t<div class=\"elementor-widget-wrap elementor-element-populated\">\n\t\t\t\t\t\t<div class=\"elementor-element elementor-element-99b0ab1 elementor-widget elementor-widget-heading\" data-id=\"99b0ab1\" data-element_type=\"widget\" data-widget_type=\"heading.default\">\n\t\t\t\t<div class=\"elementor-widget-container\">\n\t\t\t\t\t<h4 class=\"elementor-heading-title elementor-size-default\">\u00bfYa sabes como encontrarnos ?<\/h4>\t\t\t\t<\/div>\n\t\t\t\t<\/div>\n\t\t\t\t\t<\/div>\n\t\t<\/div>\n\t\t\t\t\t<\/div>\n\t\t<\/section>\n\t\t\t\t<section class=\"elementor-section elementor-top-section elementor-element elementor-element-80128ce elementor-section-full_width elementor-section-stretched elementor-section-height-default elementor-section-height-default elementor-invisible\" data-id=\"80128ce\" data-element_type=\"section\" data-settings=\"{&quot;stretch_section&quot;:&quot;section-stretched&quot;,&quot;animation&quot;:&quot;fadeInDown&quot;}\">\n\t\t\t\t\t\t<div class=\"elementor-container elementor-column-gap-default\">\n\t\t\t\t\t<div class=\"elementor-column elementor-col-100 elementor-top-column elementor-element elementor-element-95f4748\" data-id=\"95f4748\" data-element_type=\"column\">\n\t\t\t<div class=\"elementor-widget-wrap elementor-element-populated\">\n\t\t\t\t\t\t<div class=\"elementor-element elementor-element-85c5345 elementor-widget elementor-widget-shortcode\" data-id=\"85c5345\" data-element_type=\"widget\" data-widget_type=\"shortcode.default\">\n\t\t\t\t<div class=\"elementor-widget-container\">\n\t\t\t\t\t\t\t<div class=\"elementor-shortcode\"><div id=\"wpgmza_map\" class=\"wpgmza_map\" data-settings='{\"id\":\"1\",\"map_title\":\"Nuevo mapa\",\"map_width\":100,\"map_height\":\"400\",\"map_start_lat\":\"18.456481433968165\",\"map_start_lng\":\"-69.96043699301129\",\"map_start_location\":\"45.950464398418106,-109.81550500000003\",\"map_start_zoom\":\"17\",\"default_marker\":\"\",\"type\":\"0\",\"alignment\":\"4\",\"directions_enabled\":\"0\",\"styling_enabled\":\"0\",\"styling_json\":\"\",\"active\":\"0\",\"kml\":\"\",\"bicycle\":\"0\",\"traffic\":\"0\",\"dbox\":\"0\",\"dbox_width\":\"\",\"listmarkers\":\"0\",\"listmarkers_advanced\":\"0\",\"filterbycat\":\"0\",\"ugm_enabled\":\"0\",\"ugm_category_enabled\":\"0\",\"fusion\":\"\",\"map_width_type\":\"%\",\"map_height_type\":\"px\",\"mass_marker_support\":\"0\",\"ugm_access\":\"0\",\"order_markers_by\":\"0\",\"order_markers_choice\":\"0\",\"show_user_location\":\"0\",\"default_to\":\"\",\"other_settings\":{\"map_type\":1,\"sl_stroke_color\":\"\",\"sl_fill_color\":\"\",\"sl_stroke_opacity\":\"\",\"sl_fill_opacity\":\"\",\"transport_layer\":false,\"action\":\"wpgmza_save_map\",\"redirect_to\":\"\\\/wp-admin\\\/admin-post.php\",\"map_id\":\"1\",\"http_referer\":\"\\\/wp-admin\\\/admin.php?page=wp-google-maps-menu&amp;amp;action=edit&amp;amp;map_id=1\",\"wpgmza_id\":\"1\",\"wpgmza_start_location\":\"18.456481433968165,-69.96043699301129\",\"wpgmza_start_zoom\":\"19\",\"store_locator_enabled\":false,\"store_locator_search_area\":\"radial\",\"wpgmza_store_locator_radius_style\":\"legacy\",\"wpgmza_store_locator_default_radius\":\"10\",\"store_locator_auto_area_max_zoom\":\"\",\"store_locator_distance\":false,\"wpgmza_store_locator_position\":false,\"store_locator_show_distance\":false,\"store_locator_category\":false,\"wpgmza_store_locator_use_their_location\":false,\"wpgmza_store_locator_bounce\":false,\"wpgmza_sl_animation\":null,\"wpgmza_store_locator_hide_before_search\":false,\"store_locator_query_string\":\"\",\"store_locator_default_address\":\"\",\"store_locator_name_search\":false,\"store_locator_name_string\":\"\",\"store_locator_not_found_message\":\"\",\"wpgmza_map_align\":\"1\",\"jump_to_nearest_marker_on_initialization\":false,\"automatically_pan_to_users_location\":false,\"override_users_location_zoom_level\":false,\"override_users_location_zoom_levels\":\"\",\"show_distance_from_location\":false,\"map_max_zoom\":\"21\",\"map_min_zoom\":\"0\",\"click_open_link\":false,\"fit_maps_bounds_to_markers\":false,\"fit_maps_bounds_to_markers_after_filtering\":false,\"hide_point_of_interest\":false,\"wpgmza_zoom_on_marker_click\":false,\"wpgmza_zoom_on_marker_click_slider\":\"\",\"close_infowindow_on_map_click\":false,\"disable_lightbox_images\":false,\"use_Raw_Jpeg_Coordinates\":false,\"polygon_labels\":false,\"disable_polygon_info_windows\":false,\"enable_marker_ratings\":false,\"only_load_markers_within_viewport\":false,\"iw_primary_color\":\"#000000\",\"iw_accent_color\":\"#000000\",\"iw_text_color\":\"#000000\",\"wpgmza_listmarkers_by\":\"0\",\"wpgmza_marker_listing_position\":false,\"datatable_no_result_message\":\"\",\"remove_search_box_datables\":false,\"dataTable_pagination_style\":null,\"datatable_search_string\":\"\",\"datatable_result_start\":\"\",\"datatable_result_of\":\"\",\"datatable_result_to\":\"\",\"datatable_result_total\":\"\",\"datatable_result_show\":\"\",\"datatable_result_entries\":\"\",\"wpgmza_savemap\":\"Guardar Mapa \\u00bb\",\"zoom_level_on_marker_listing_override\":false,\"zoom_level_on_marker_listing_click\":\"\",\"store_locator_location_placeholder\":\"\",\"enable_marker_labels\":false,\"zoom_level_mobile_override_enabled\":false,\"zoom_level_mobile_override\":\"\",\"marker_listing_disable_zoom\":false}}' data-map-id='1' Data-maps-engine='open-layers' data-shortcode-attributes='{\"id\":\"1\"}' style=\"display:block; overflow:auto; width:100%; height:400px; float:left;\"><\/div><\/div>\n\t\t\t\t\t\t<\/div>\n\t\t\t\t<\/div>\n\t\t\t\t\t<\/div>\n\t\t<\/div>\n\t\t\t\t\t<\/div>\n\t\t<\/section>\n\t\t\t\t<section class=\"elementor-section elementor-top-section elementor-element elementor-element-c4ef465 elementor-section-boxed elementor-section-height-default elementor-section-height-default\" data-id=\"c4ef465\" data-element_type=\"section\">\n\t\t\t\t\t\t<div class=\"elementor-container elementor-column-gap-default\">\n\t\t\t\t\t<div class=\"elementor-column elementor-col-100 elementor-top-column elementor-element elementor-element-5461fd4\" data-id=\"5461fd4\" data-element_type=\"column\">\n\t\t\t<div class=\"elementor-widget-wrap elementor-element-populated\">\n\t\t\t\t\t\t<div class=\"elementor-element elementor-element-03a97b7 elementor-widget elementor-widget-spacer\" data-id=\"03a97b7\" data-element_type=\"widget\" data-widget_type=\"spacer.default\">\n\t\t\t\t<div class=\"elementor-widget-container\">\n\t\t\t\t\t\t\t<div class=\"elementor-spacer\">\n\t\t\t<div class=\"elementor-spacer-inner\"><\/div>\n\t\t<\/div>\n\t\t\t\t\t\t<\/div>\n\t\t\t\t<\/div>\n\t\t\t\t\t<\/div>\n\t\t<\/div>\n\t\t\t\t\t<\/div>\n\t\t<\/section>\n\t\t\t\t<\/div>\n\t\t","protected":false},"excerpt":{"rendered":"<p>\u00a1EXPERIENCIA Y CALIDAD OPTICA EN UN SOLO LUGAR! Con m\u00e1s de 15 a\u00f1os de experiencia, somos especialistas en venta de cristales oft\u00e1lmicos y equipos oft\u00e1lmicos de \u00faltima generaci\u00f3n, incluyendo servicio<\/p>\n","protected":false},"author":1,"featured_media":0,"parent":0,"menu_order":0,"comment_status":"closed","ping_status":"closed","template":"","meta":{"footnotes":""},"class_list":{"1":"page","2":"type-page","3":"status-publish","4":"hentry"},"yoast_head":"<!-- This site is optimized with the Yoast SEO plugin v26.4 - https:\/\/yoast.com\/wordpress\/plugins\/seo\/ -->\n<title>Inicio - Multi optica y equipos<\/title>\n<meta name=\"description\" content=\"Empresa en Republica Dominicana dedicada a la venta y distribuci\u00f3n de equipos y accesorios oftalmicos\" \/>\n<meta name=\"robots\" content=\"index, follow, max-snippet:-1, max-image-preview:large, max-video-preview:-1\" \/>\n<link rel=\"canonical\" href=\"https:\/\/www.opticayequipos.com\/\" \/>\n<meta property=\"og:locale\" content=\"es_ES\" \/>\n<meta property=\"og:type\" content=\"article\" \/>\n<meta property=\"og:title\" content=\"Inicio - Multi optica y equipos\" \/>\n<meta property=\"og:description\" content=\"Empresa en Republica Dominicana dedicada a la venta y distribuci\u00f3n de equipos y accesorios oftalmicos\" \/>\n<meta property=\"og:url\" content=\"https:\/\/www.opticayequipos.com\/\" \/>\n<meta property=\"og:site_name\" content=\"Multi optica y equipos\" \/>\n<meta property=\"article:modified_time\" content=\"2025-11-26T13:20:49+00:00\" \/>\n<meta property=\"og:image\" content=\"https:\/\/www.opticayequipos.com\/wp-content\/uploads\/2025\/11\/ALMACEN-e1764015868330.jpg\" \/>\n\t<meta property=\"og:image:width\" content=\"1080\" \/>\n\t<meta property=\"og:image:height\" content=\"1110\" \/>\n\t<meta property=\"og:image:type\" content=\"image\/jpeg\" \/>\n<meta name=\"twitter:card\" content=\"summary_large_image\" \/>\n<script type=\"application\/ld+json\" class=\"yoast-schema-graph\">{\"@context\":\"https:\/\/schema.org\",\"@graph\":[{\"@type\":\"WebPage\",\"@id\":\"https:\/\/www.opticayequipos.com\/\",\"url\":\"https:\/\/www.opticayequipos.com\/\",\"name\":\"Inicio - Multi optica y equipos\",\"isPartOf\":{\"@id\":\"https:\/\/www.opticayequipos.com\/#website\"},\"primaryImageOfPage\":{\"@id\":\"https:\/\/www.opticayequipos.com\/#primaryimage\"},\"image\":{\"@id\":\"https:\/\/www.opticayequipos.com\/#primaryimage\"},\"thumbnailUrl\":\"https:\/\/www.opticayequipos.com\/wp-content\/uploads\/2025\/11\/ALMACEN-e1764015868330.jpg\",\"datePublished\":\"2021-03-09T00:12:59+00:00\",\"dateModified\":\"2025-11-26T13:20:49+00:00\",\"description\":\"Empresa en Republica Dominicana dedicada a la venta y distribuci\u00f3n de equipos y accesorios oftalmicos\",\"breadcrumb\":{\"@id\":\"https:\/\/www.opticayequipos.com\/#breadcrumb\"},\"inLanguage\":\"es\",\"potentialAction\":[{\"@type\":\"ReadAction\",\"target\":[\"https:\/\/www.opticayequipos.com\/\"]}]},{\"@type\":\"ImageObject\",\"inLanguage\":\"es\",\"@id\":\"https:\/\/www.opticayequipos.com\/#primaryimage\",\"url\":\"https:\/\/www.opticayequipos.com\/wp-content\/uploads\/2025\/11\/ALMACEN-e1764015868330.jpg\",\"contentUrl\":\"https:\/\/www.opticayequipos.com\/wp-content\/uploads\/2025\/11\/ALMACEN-e1764015868330.jpg\",\"width\":1080,\"height\":1110},{\"@type\":\"BreadcrumbList\",\"@id\":\"https:\/\/www.opticayequipos.com\/#breadcrumb\",\"itemListElement\":[{\"@type\":\"ListItem\",\"position\":1,\"name\":\"Portada\",\"item\":\"https:\/\/www.opticayequipos.com\/\"},{\"@type\":\"ListItem\",\"position\":2,\"name\":\"Inicio\"}]},{\"@type\":\"WebSite\",\"@id\":\"https:\/\/www.opticayequipos.com\/#website\",\"url\":\"https:\/\/www.opticayequipos.com\/\",\"name\":\"Multi optica y equipos\",\"description\":\"Venta de equipos oftalmol&oacute;gicos en Republica Dominicana para consultorios y &oacute;pticas\",\"publisher\":{\"@id\":\"https:\/\/www.opticayequipos.com\/#organization\"},\"potentialAction\":[{\"@type\":\"SearchAction\",\"target\":{\"@type\":\"EntryPoint\",\"urlTemplate\":\"https:\/\/www.opticayequipos.com\/?s={search_term_string}\"},\"query-input\":{\"@type\":\"PropertyValueSpecification\",\"valueRequired\":true,\"valueName\":\"search_term_string\"}}],\"inLanguage\":\"es\"},{\"@type\":\"Organization\",\"@id\":\"https:\/\/www.opticayequipos.com\/#organization\",\"name\":\"Multi optica y equipos\",\"url\":\"https:\/\/www.opticayequipos.com\/\",\"logo\":{\"@type\":\"ImageObject\",\"inLanguage\":\"es\",\"@id\":\"https:\/\/www.opticayequipos.com\/#\/schema\/logo\/image\/\",\"url\":\"https:\/\/www.opticayequipos.com\/wp-content\/uploads\/2021\/03\/cropped-LOGO-MOYE-2-2.png\",\"contentUrl\":\"https:\/\/www.opticayequipos.com\/wp-content\/uploads\/2021\/03\/cropped-LOGO-MOYE-2-2.png\",\"width\":552,\"height\":104,\"caption\":\"Multi optica y equipos\"},\"image\":{\"@id\":\"https:\/\/www.opticayequipos.com\/#\/schema\/logo\/image\/\"}}]}<\/script>\n<!-- \/ Yoast SEO plugin. -->","yoast_head_json":{"title":"Inicio - Multi optica y equipos","description":"Empresa en Republica Dominicana dedicada a la venta y distribuci\u00f3n de equipos y accesorios oftalmicos","robots":{"index":"index","follow":"follow","max-snippet":"max-snippet:-1","max-image-preview":"max-image-preview:large","max-video-preview":"max-video-preview:-1"},"canonical":"https:\/\/www.opticayequipos.com\/","og_locale":"es_ES","og_type":"article","og_title":"Inicio - Multi optica y equipos","og_description":"Empresa en Republica Dominicana dedicada a la venta y distribuci\u00f3n de equipos y accesorios oftalmicos","og_url":"https:\/\/www.opticayequipos.com\/","og_site_name":"Multi optica y equipos","article_modified_time":"2025-11-26T13:20:49+00:00","og_image":[{"width":1080,"height":1110,"url":"https:\/\/www.opticayequipos.com\/wp-content\/uploads\/2025\/11\/ALMACEN-e1764015868330.jpg","type":"image\/jpeg"}],"twitter_card":"summary_large_image","schema":{"@context":"https:\/\/schema.org","@graph":[{"@type":"WebPage","@id":"https:\/\/www.opticayequipos.com\/","url":"https:\/\/www.opticayequipos.com\/","name":"Inicio - Multi optica y equipos","isPartOf":{"@id":"https:\/\/www.opticayequipos.com\/#website"},"primaryImageOfPage":{"@id":"https:\/\/www.opticayequipos.com\/#primaryimage"},"image":{"@id":"https:\/\/www.opticayequipos.com\/#primaryimage"},"thumbnailUrl":"https:\/\/www.opticayequipos.com\/wp-content\/uploads\/2025\/11\/ALMACEN-e1764015868330.jpg","datePublished":"2021-03-09T00:12:59+00:00","dateModified":"2025-11-26T13:20:49+00:00","description":"Empresa en Republica Dominicana dedicada a la venta y distribuci\u00f3n de equipos y accesorios oftalmicos","breadcrumb":{"@id":"https:\/\/www.opticayequipos.com\/#breadcrumb"},"inLanguage":"es","potentialAction":[{"@type":"ReadAction","target":["https:\/\/www.opticayequipos.com\/"]}]},{"@type":"ImageObject","inLanguage":"es","@id":"https:\/\/www.opticayequipos.com\/#primaryimage","url":"https:\/\/www.opticayequipos.com\/wp-content\/uploads\/2025\/11\/ALMACEN-e1764015868330.jpg","contentUrl":"https:\/\/www.opticayequipos.com\/wp-content\/uploads\/2025\/11\/ALMACEN-e1764015868330.jpg","width":1080,"height":1110},{"@type":"BreadcrumbList","@id":"https:\/\/www.opticayequipos.com\/#breadcrumb","itemListElement":[{"@type":"ListItem","position":1,"name":"Portada","item":"https:\/\/www.opticayequipos.com\/"},{"@type":"ListItem","position":2,"name":"Inicio"}]},{"@type":"WebSite","@id":"https:\/\/www.opticayequipos.com\/#website","url":"https:\/\/www.opticayequipos.com\/","name":"Multi optica y equipos","description":"Venta de equipos oftalmol&oacute;gicos en Republica Dominicana para consultorios y &oacute;pticas","publisher":{"@id":"https:\/\/www.opticayequipos.com\/#organization"},"potentialAction":[{"@type":"SearchAction","target":{"@type":"EntryPoint","urlTemplate":"https:\/\/www.opticayequipos.com\/?s={search_term_string}"},"query-input":{"@type":"PropertyValueSpecification","valueRequired":true,"valueName":"search_term_string"}}],"inLanguage":"es"},{"@type":"Organization","@id":"https:\/\/www.opticayequipos.com\/#organization","name":"Multi optica y equipos","url":"https:\/\/www.opticayequipos.com\/","logo":{"@type":"ImageObject","inLanguage":"es","@id":"https:\/\/www.opticayequipos.com\/#\/schema\/logo\/image\/","url":"https:\/\/www.opticayequipos.com\/wp-content\/uploads\/2021\/03\/cropped-LOGO-MOYE-2-2.png","contentUrl":"https:\/\/www.opticayequipos.com\/wp-content\/uploads\/2021\/03\/cropped-LOGO-MOYE-2-2.png","width":552,"height":104,"caption":"Multi optica y equipos"},"image":{"@id":"https:\/\/www.opticayequipos.com\/#\/schema\/logo\/image\/"}}]}},"_links":{"self":[{"href":"https:\/\/www.opticayequipos.com\/index.php\/wp-json\/wp\/v2\/pages\/246","targetHints":{"allow":["GET"]}}],"collection":[{"href":"https:\/\/www.opticayequipos.com\/index.php\/wp-json\/wp\/v2\/pages"}],"about":[{"href":"https:\/\/www.opticayequipos.com\/index.php\/wp-json\/wp\/v2\/types\/page"}],"author":[{"embeddable":true,"href":"https:\/\/www.opticayequipos.com\/index.php\/wp-json\/wp\/v2\/users\/1"}],"replies":[{"embeddable":true,"href":"https:\/\/www.opticayequipos.com\/index.php\/wp-json\/wp\/v2\/comments?post=246"}],"version-history":[{"count":65,"href":"https:\/\/www.opticayequipos.com\/index.php\/wp-json\/wp\/v2\/pages\/246\/revisions"}],"predecessor-version":[{"id":974,"href":"https:\/\/www.opticayequipos.com\/index.php\/wp-json\/wp\/v2\/pages\/246\/revisions\/974"}],"wp:attachment":[{"href":"https:\/\/www.opticayequipos.com\/index.php\/wp-json\/wp\/v2\/media?parent=246"}],"curies":[{"name":"wp","href":"https:\/\/api.w.org\/{rel}","templated":true}]}}